{"id":704,"date":"2019-10-24T15:54:04","date_gmt":"2019-10-24T15:54:04","guid":{"rendered":"https:\/\/santacruz.ces.uc.pt\/?page_id=704"},"modified":"2022-10-07T17:38:37","modified_gmt":"2022-10-07T17:38:37","slug":"historical-overview","status":"publish","type":"page","link":"https:\/\/santacruz.ces.uc.pt\/?page_id=704&lang=en","title":{"rendered":"HISTORICAL OVERVIEW"},"content":{"rendered":"\t\t<div data-elementor-type=\"wp-post\" data-elementor-id=\"704\" class=\"elementor elementor-704\">\n\t\t\t\t\t\t<section class=\"elementor-section elementor-top-section elementor-element elementor-element-7b1c45a elementor-section-boxed elementor-section-height-default elementor-section-height-default\" data-id=\"7b1c45a\" data-element_type=\"section\">\n\t\t\t\t\t\t<div class=\"elementor-container elementor-column-gap-default\">\n\t\t\t\t\t<div class=\"elementor-column elementor-col-50 elementor-top-column elementor-element elementor-element-f0dff98\" data-id=\"f0dff98\" data-element_type=\"column\">\n\t\t\t<div class=\"elementor-widget-wrap elementor-element-populated\">\n\t\t\t\t\t\t<div class=\"elementor-element elementor-element-629a0d2 elementor-widget elementor-widget-text-editor\" data-id=\"629a0d2\" data-element_type=\"widget\" data-widget_type=\"text-editor.default\">\n\t\t\t\t<div class=\"elementor-widget-container\">\n\t\t\t\t\t\t\t<p>The Monastery of Santa Cruz of Coimbra, national see of the Canons Regular of Saint Augustine, was one of the main Portuguese religious houses. It was founded in the 1131\u00a0under the patronage of D. Afonso Henriques, the first King of Portugal, who made Coimbra his capital.<\/p><p>During the first half of the sixteenth century the monastery would be twice renovated. D. Manuel had both the Romanesque church and cloister destroyed, ordering their reconstruction under the late Gothic-Manueline flavor. He raised new tombs for the first two Portuguese kings in the church\u2019s new main chapel.<\/p><p>A few years later, D. Jo\u00e3o III added two new cloisters (one with the Manga fountain), a new dormitory, a library and a dining hall, making Santa Cruz the first Portuguese renaissance monastery. It was from the reformed monastery that <i>Rua de Santa Sophia <\/i>(the Street of Holy Knowledge) was launched for the colleges of the newly installed university. Among the later monastic additions are the seventeenth-century vestry and the Baroque sanctuary.<\/p><p>The extinction of religious orders in 1834 led to the loss of a significant part of this architectural heritage. The rehabilitation of Plaza 8 de Maio, by the architect Fernando T\u00e1vora in 1997, restored dignity to the church, classified, since 2003, as &#8220;National Pantheon&#8221;.<\/p>\t\t\t\t\t\t<\/div>\n\t\t\t\t<\/div>\n\t\t\t\t\t<\/div>\n\t\t<\/div>\n\t\t\t\t<div class=\"elementor-column elementor-col-50 elementor-top-column elementor-element elementor-element-d660f73\" data-id=\"d660f73\" data-element_type=\"column\">\n\t\t\t<div class=\"elementor-widget-wrap elementor-element-populated\">\n\t\t\t\t\t\t<div class=\"elementor-element elementor-element-e4a9012 elementor-widget elementor-widget-image\" data-id=\"e4a9012\" data-element_type=\"widget\" data-widget_type=\"image.default\">\n\t\t\t\t<div class=\"elementor-widget-container\">\n\t\t\t\t\t\t\t\t\t\t\t\t\t<img fetchpriority=\"high\" decoding=\"async\" width=\"541\" height=\"709\" src=\"https:\/\/santacruz.ces.uc.pt\/wp-content\/uploads\/2019\/03\/Vivian-Santa-Cruz.png\" class=\"attachment-large size-large wp-image-230\" alt=\"\" \/>\t\t\t\t\t\t\t\t\t\t\t\t\t<\/div>\n\t\t\t\t<\/div>\n\t\t\t\t\t<\/div>\n\t\t<\/div>\n\t\t\t\t\t<\/div>\n\t\t<\/section>\n\t\t\t\t<section class=\"elementor-section elementor-top-section elementor-element elementor-element-3809f59 elementor-section-content-middle elementor-section-stretched elementor-section-full_width elementor-section-height-default elementor-section-height-default\" data-id=\"3809f59\" data-element_type=\"section\" data-settings=\"{&quot;background_background&quot;:&quot;classic&quot;,&quot;stretch_section&quot;:&quot;section-stretched&quot;}\">\n\t\t\t\t\t\t\t<div class=\"elementor-background-overlay\"><\/div>\n\t\t\t\t\t\t\t<div class=\"elementor-container elementor-column-gap-no\">\n\t\t\t\t\t<div class=\"elementor-column elementor-col-100 elementor-top-column elementor-element elementor-element-902b390\" data-id=\"902b390\" data-element_type=\"column\">\n\t\t\t<div class=\"elementor-widget-wrap\">\n\t\t\t\t\t\t\t<\/div>\n\t\t<\/div>\n\t\t\t\t\t<\/div>\n\t\t<\/section>\n\t\t\t\t<section class=\"elementor-section elementor-top-section elementor-element elementor-element-dc7ff3e elementor-section-boxed elementor-section-height-default elementor-section-height-default\" data-id=\"dc7ff3e\" data-element_type=\"section\">\n\t\t\t\t\t\t<div class=\"elementor-container elementor-column-gap-default\">\n\t\t\t\t\t<div class=\"elementor-column elementor-col-100 elementor-top-column elementor-element elementor-element-4bf4dbe\" data-id=\"4bf4dbe\" data-element_type=\"column\">\n\t\t\t<div class=\"elementor-widget-wrap elementor-element-populated\">\n\t\t\t\t\t\t<div class=\"elementor-element elementor-element-07f83f5 elementor-widget elementor-widget-heading\" data-id=\"07f83f5\" data-element_type=\"widget\" data-widget_type=\"heading.default\">\n\t\t\t\t<div class=\"elementor-widget-container\">\n\t\t\t<h2 class=\"elementor-heading-title elementor-size-default\">Chronology<\/h2>\t\t<\/div>\n\t\t\t\t<\/div>\n\t\t\t\t\t<\/div>\n\t\t<\/div>\n\t\t\t\t\t<\/div>\n\t\t<\/section>\n\t\t\t\t<section class=\"elementor-section elementor-top-section elementor-element elementor-element-ba43211 elementor-section-boxed elementor-section-height-default elementor-section-height-default\" data-id=\"ba43211\" data-element_type=\"section\">\n\t\t\t\t\t\t<div class=\"elementor-container elementor-column-gap-default\">\n\t\t\t\t\t<div class=\"elementor-column elementor-col-100 elementor-top-column elementor-element elementor-element-837fa01\" data-id=\"837fa01\" data-element_type=\"column\">\n\t\t\t<div class=\"elementor-widget-wrap elementor-element-populated\">\n\t\t\t\t\t\t<div class=\"elementor-element elementor-element-7188aaa elementor-widget elementor-widget-toggle\" data-id=\"7188aaa\" data-element_type=\"widget\" data-widget_type=\"toggle.default\">\n\t\t\t\t<div class=\"elementor-widget-container\">\n\t\t\t\t\t<div class=\"elementor-toggle\">\n\t\t\t\t\t\t\t<div class=\"elementor-toggle-item\">\n\t\t\t\t\t<div id=\"elementor-tab-title-1191\" class=\"elementor-tab-title\" data-tab=\"1\" role=\"button\" aria-controls=\"elementor-tab-content-1191\" aria-expanded=\"false\">\n\t\t\t\t\t\t\t\t\t\t\t\t<span class=\"elementor-toggle-icon elementor-toggle-icon-left\" aria-hidden=\"true\">\n\t\t\t\t\t\t\t\t\t\t\t\t\t\t\t<span class=\"elementor-toggle-icon-closed\"><i class=\"fas fa-caret-right\"><\/i><\/span>\n\t\t\t\t\t\t\t\t<span class=\"elementor-toggle-icon-opened\"><i class=\"elementor-toggle-icon-opened fas fa-caret-up\"><\/i><\/span>\n\t\t\t\t\t\t\t\t\t\t\t\t\t<\/span>\n\t\t\t\t\t\t\t\t\t\t\t\t<a class=\"elementor-toggle-title\" tabindex=\"0\">12th-13th Centuries<\/a>\n\t\t\t\t\t<\/div>\n\n\t\t\t\t\t<div id=\"elementor-tab-content-1191\" class=\"elementor-tab-content elementor-clearfix\" data-tab=\"1\" role=\"region\" aria-labelledby=\"elementor-tab-title-1191\"><p>1131 (June 28<sup>th<\/sup>): first stone of the monastery is laid down by the twelve founders between which are the archdeacon D. Telo and the schoolmaster D. Jo\u00e3o Peculiar.<\/p><p>1132 (February 24<sup>th<\/sup>): the life of the community begins &#8211; 72 monks under Prior D. Teot\u00f3nio<span class=\"Apple-converted-space\">\u00a0<\/span><\/p><p>C\u00aa.1150: consecration of the head chapel; the construction of both church and monastic dependencies is advancing.<\/p><p>1163: Bull of Pope Alexander III recognizing the autonomy of the monastery from the See of Coimbra.<\/p><p>1185 (December 6<sup>th<\/sup>): D. Afonso Henriques, first king of Portugal, dies.<\/p><p class=\"p1\"><span class=\"s1\">1229<\/span><span class=\"s2\"> (January 7<\/span><span class=\"s3\"><sup>th<\/sup><\/span><span class=\"s2\">): consecration of the Church in the presence of Papal Legate John <\/span><span class=\"s1\">of Abbeville, <\/span><span class=\"s2\">Bishop of Sabina.<\/span><\/p><p>Romanesque church had 3 side chapels on either side of the nave: St. Peter, St. Vident and St. Anthony on the gospel side; St. Michael, St. Andrew and St. James (<i>S. Tiago<\/i>) on the side of the Epistle.<\/p><\/div>\n\t\t\t\t<\/div>\n\t\t\t\t\t\t\t<div class=\"elementor-toggle-item\">\n\t\t\t\t\t<div id=\"elementor-tab-title-1192\" class=\"elementor-tab-title\" data-tab=\"2\" role=\"button\" aria-controls=\"elementor-tab-content-1192\" aria-expanded=\"false\">\n\t\t\t\t\t\t\t\t\t\t\t\t<span class=\"elementor-toggle-icon elementor-toggle-icon-left\" aria-hidden=\"true\">\n\t\t\t\t\t\t\t\t\t\t\t\t\t\t\t<span class=\"elementor-toggle-icon-closed\"><i class=\"fas fa-caret-right\"><\/i><\/span>\n\t\t\t\t\t\t\t\t<span class=\"elementor-toggle-icon-opened\"><i class=\"elementor-toggle-icon-opened fas fa-caret-up\"><\/i><\/span>\n\t\t\t\t\t\t\t\t\t\t\t\t\t<\/span>\n\t\t\t\t\t\t\t\t\t\t\t\t<a class=\"elementor-toggle-title\" tabindex=\"0\">15th Century<\/a>\n\t\t\t\t\t<\/div>\n\n\t\t\t\t\t<div id=\"elementor-tab-content-1192\" class=\"elementor-tab-content elementor-clearfix\" data-tab=\"2\" role=\"region\" aria-labelledby=\"elementor-tab-title-1192\"><p>1441-1459: the Chapel of the Martyrs of Morocco is established by reforming the side chapels of the nave, on the side of the epistle (priory of D. Gomes Eanes).<\/p><\/div>\n\t\t\t\t<\/div>\n\t\t\t\t\t\t\t<div class=\"elementor-toggle-item\">\n\t\t\t\t\t<div id=\"elementor-tab-title-1193\" class=\"elementor-tab-title\" data-tab=\"3\" role=\"button\" aria-controls=\"elementor-tab-content-1193\" aria-expanded=\"false\">\n\t\t\t\t\t\t\t\t\t\t\t\t<span class=\"elementor-toggle-icon elementor-toggle-icon-left\" aria-hidden=\"true\">\n\t\t\t\t\t\t\t\t\t\t\t\t\t\t\t<span class=\"elementor-toggle-icon-closed\"><i class=\"fas fa-caret-right\"><\/i><\/span>\n\t\t\t\t\t\t\t\t<span class=\"elementor-toggle-icon-opened\"><i class=\"elementor-toggle-icon-opened fas fa-caret-up\"><\/i><\/span>\n\t\t\t\t\t\t\t\t\t\t\t\t\t<\/span>\n\t\t\t\t\t\t\t\t\t\t\t\t<a class=\"elementor-toggle-title\" tabindex=\"0\">Manueline Reformation (1507-1527)<\/a>\n\t\t\t\t\t<\/div>\n\n\t\t\t\t\t<div id=\"elementor-tab-content-1193\" class=\"elementor-tab-content elementor-clearfix\" data-tab=\"3\" role=\"region\" aria-labelledby=\"elementor-tab-title-1193\"><p>1502: King Manuel visits the Monastery of Santa Cruz on his way to Santiago de Compostela.<\/p><p>1505: Prior D. Jo\u00e3o de Noronha dies.<\/p><p>Pope Julius II hands over the Priory of Santa Cruz to his nephew Galiotto della Rovere.<\/p><p>The demolition works of the Romanesque church begin, ordered by King Manuel.<\/p><p>1507: Julius II gives up the idea of handing the priory to his nephew. Papal brief, whereby the Kings of Portugal are authorized to name the priors of the monastery.<\/p><p>1507-16: Priory of D. Pedro Gavi\u00e3o, Bishop of Guarda (the first Prior of royal appointment)<\/p><p>1507-13: Diogo de Boytac rebuilds the church\u2019s new head-chapel\u00a0<\/p><p>The stalls are executed by Master Machim<\/p><p>Diogo de Boytac also builds the new chapter house.\u00a0<\/p><p>1513 (January 24<sup>th<\/sup>): contract with Diogo de Boytac for the reconstruction of the church\u2019s nave.<\/p><p>1517-25: Marcos Pires builds the Silence Cloister and the St. Michael and Jesus chapels. \u00a0<\/p><p>Marcos Pires reforms the original refectory (in the cloister\u2019s east wing) and makes the fountain of Paio Guterres.<\/p><p>Marcos Pires finishes the upper decoration of the church facade (1518)<\/p><p>1518-22: the tombs of the kings in the head chapel are done (by Diogo de Castilho under a probable design by his brother Jo\u00e3o de Castilho; recumbent statues by Nicholas Chanterene).\u00a0<\/p><p>1521: church pulpit, by Nicholas Chanterene.<\/p><p>1521 (December 13<sup>th<\/sup>): King Manuel dies. His son becomes John III.<\/p><p>1522: retables of the Silence Cloister, by Nicholas Chanterene.<\/p><p>1522-25: the portal of the facade of the church is made (project of Jo\u00e3o de Castilho, execution of Diogo de Castilho and Nicholas Chanterene)<\/p><p>1522-30: the altarpiece of the chancel is placed (paintings by Crist\u00f3v\u00e3o de Figueiredo)<\/p><\/div>\n\t\t\t\t<\/div>\n\t\t\t\t\t\t\t<div class=\"elementor-toggle-item\">\n\t\t\t\t\t<div id=\"elementor-tab-title-1194\" class=\"elementor-tab-title\" data-tab=\"4\" role=\"button\" aria-controls=\"elementor-tab-content-1194\" aria-expanded=\"false\">\n\t\t\t\t\t\t\t\t\t\t\t\t<span class=\"elementor-toggle-icon elementor-toggle-icon-left\" aria-hidden=\"true\">\n\t\t\t\t\t\t\t\t\t\t\t\t\t\t\t<span class=\"elementor-toggle-icon-closed\"><i class=\"fas fa-caret-right\"><\/i><\/span>\n\t\t\t\t\t\t\t\t<span class=\"elementor-toggle-icon-opened\"><i class=\"elementor-toggle-icon-opened fas fa-caret-up\"><\/i><\/span>\n\t\t\t\t\t\t\t\t\t\t\t\t\t<\/span>\n\t\t\t\t\t\t\t\t\t\t\t\t<a class=\"elementor-toggle-title\" tabindex=\"0\">Joanine Reformation (1527-1557)<\/a>\n\t\t\t\t\t<\/div>\n\n\t\t\t\t\t<div id=\"elementor-tab-content-1194\" class=\"elementor-tab-content elementor-clearfix\" data-tab=\"4\" role=\"region\" aria-labelledby=\"elementor-tab-title-1194\"><p>1527: John III spends six months in Coimbra, from July 10<sup>th<\/sup>.<span class=\"Apple-converted-space\">\u00a0<\/span><\/p><p>1527 (October 13<sup>th<\/sup>): Hyeronomite Friar Br\u00e1s de Barros becomes Prior of Santa Cruz and Reformer of the Canons Regular of St. Augustine.<span class=\"Apple-converted-space\">\u00a0<\/span><\/p><p>1528 (March 5<sup>th<\/sup>): contract with Diogo de Castilho for the construction of a new dormitory and refectory.<span class=\"Apple-converted-space\">\u00a0<\/span><\/p><p>1529: the former feminine convent of <i>S. Jo\u00e3o das Donas<\/i> is extinct.<\/p><p>1530: the monastery library and porter\u2019s cloister are finished.<span class=\"Apple-converted-space\">\u00a0<\/span><\/p><p>Construction of new parish church of <i>S. Jo\u00e3o.<\/i><\/p><p>The Montarroio tower becomes the monastic bell tower.<\/p><p>1530 (September 26<sup>th<\/sup>): carpentry contract for the new dormitory.<\/p><p>1530 (October 7<sup>th<\/sup>): contract for the Last Supper, between the monastery and the sculptor Hodart. The new refectory is now complete.<\/p><p>1531 (May 15<sup>th<\/sup>): Diogo de Castilho appointed master of stoneworks of Santa Cruz, replacing Marcos Pires, who died 10 years earlier.<\/p><p>1531: construction of the Santa Cruz church\u2019s high choir (vault by Diogo de Castilho, archway by Jean de Rouen).<span class=\"Apple-converted-space\">\u00a0<\/span><\/p><p>Placement of three sculptures by Jean de Rouen above the church portal and under the new choir window.<\/p><p>Master Machim&#8217;s stalls are installed in the high choir, adjusted and amplified by Francisco Lorete.<\/p><p>The king\u2019s tombs are transferred to the head chapel.<\/p><p>1532: arches of the side chapels of the church (Jean de Rouen).<\/p><p>1533 (September 7<sup>th<\/sup>): Friar Br\u00e1s de Braga contracts with the masons Pero de \u00c9vora, Diogo Fernandes and Fern\u00e3o Lu\u00eds the construction of the Manga fountain tanks (fountain designed by Jean de Rouen).<\/p><p>1534 (January 8<sup>th<\/sup>): Hodart receives money for concluding the Last Supper.<\/p><p>1535: Vasco Fernandes (<i>Gr\u00e3o Vasco<\/i>) paints the \u201cPentecost\u201d for the chapel of the Holy Spirit.<\/p><p>1535 (February 26<sup>th<\/sup>): Friar Br\u00e1s de Braga contracts with carpenter Jo\u00e3o Afonso works in the new classes for the studies (Santa Catarina classroom and others).<\/p><p>1535: the colleges of St. Augustine and St. John the Baptist are established inside the Monastery.<\/p><p>1537: John III transfers the University from Lisbon to Coimbra.<span class=\"Apple-converted-space\">\u00a0<\/span><\/p><p>Faculties of Theology, Medicine and Arts installed at Santa Cruz.<\/p><p>Opening of Santa Sophia street<\/p><p>1538-39: allotment of the western front of Santa Sophia street for private buildings<\/p><p>1540: <i>Descrip\u00e7am e debuxo do Mosteyro de Santa Cruz de Coimbra, <\/i>by D. Francisco de Mendanha.<\/p><p>1541: first university colleges settle on the Eastern front of Santa Sophia street<span class=\"Apple-converted-space\">\u00a0<\/span><\/p><p>1544: all University Faculties are transferred to the Royal Palace uptown.<span class=\"Apple-converted-space\">\u00a0<\/span><\/p><p>1545-46: extinction of the Grand-Priory of Santa Cruz. All revenue reverts to the University.<\/p><p>1547: the College of Arts is instituted.<\/p><p>1548: beginning of the construction of the College of Arts, on the Eastern front of Santa Sophia street.<\/p><p>1555: College of Arts is handed down to the Jesuits.<\/p><p>1565: the Jesuits transfer the College of Arts uptown, and sell the buildings to the Inquisition.<\/p><\/div>\n\t\t\t\t<\/div>\n\t\t\t\t\t\t\t<div class=\"elementor-toggle-item\">\n\t\t\t\t\t<div id=\"elementor-tab-title-1195\" class=\"elementor-tab-title\" data-tab=\"5\" role=\"button\" aria-controls=\"elementor-tab-content-1195\" aria-expanded=\"false\">\n\t\t\t\t\t\t\t\t\t\t\t\t<span class=\"elementor-toggle-icon elementor-toggle-icon-left\" aria-hidden=\"true\">\n\t\t\t\t\t\t\t\t\t\t\t\t\t\t\t<span class=\"elementor-toggle-icon-closed\"><i class=\"fas fa-caret-right\"><\/i><\/span>\n\t\t\t\t\t\t\t\t<span class=\"elementor-toggle-icon-opened\"><i class=\"elementor-toggle-icon-opened fas fa-caret-up\"><\/i><\/span>\n\t\t\t\t\t\t\t\t\t\t\t\t\t<\/span>\n\t\t\t\t\t\t\t\t\t\t\t\t<a class=\"elementor-toggle-title\" tabindex=\"0\">End of 16th Century \u2013 17th Century<\/a>\n\t\t\t\t\t<\/div>\n\n\t\t\t\t\t<div id=\"elementor-tab-content-1195\" class=\"elementor-tab-content elementor-clearfix\" data-tab=\"5\" role=\"region\" aria-labelledby=\"elementor-tab-title-1195\"><p>1582-88: the chapel of S. Teot\u00f3nio (by Tom\u00e9 Velho) was opened in the South wall of the chapter room.<br \/><br \/>C\u00aa 1589: description of the monastery by Friar Jer\u00f3nimo Roman.<br \/><br \/>1592: beginning of construction of the New College of St. Augustine College, or Sapi\u00eancia College, on the slope over the Monastery of Santa Cruz.<\/p><p>1593-96: cloister of the New College (attributed to Philip Terzi)<\/p><p>1599-1602: the original dining room windows are replaced by the current rectangular windows (Prior D. Ac\u00farcio of St. Augustine).<\/p><p>1600: the monks decide to replace the altarpiece of the monastic church by commissioning a new one from sculptor Gaspar Coelho (who died in 1605)<\/p><p>1610-12: paintings by Sim\u00e3o Rodrigues and Domingos Viera Serr\u00e3o for the new altarpiece.<\/p><p>1618-21: extension of the main dormitory to the west, until reaching <i>Largo de Sans\u00e3o<\/i>.<span class=\"Apple-converted-space\">\u00a0<\/span><\/p><p>1622-24: the new vestry is built, designed by Baltasar \u00c1lvares<\/p><p>1627-30: triumphal arch of the chapel of S. Teot\u00f3nio.<\/p><p>1630-33: tiles are laid in the monastic refectory.<span class=\"Apple-converted-space\">\u00a0<\/span><\/p><p>1633-56: construction of the infirmary building, to the East of the monastery.<\/p><p>1638: central fountain of the Silence Cloister is placed.<\/p><\/div>\n\t\t\t\t<\/div>\n\t\t\t\t\t\t\t<div class=\"elementor-toggle-item\">\n\t\t\t\t\t<div id=\"elementor-tab-title-1196\" class=\"elementor-tab-title\" data-tab=\"6\" role=\"button\" aria-controls=\"elementor-tab-content-1196\" aria-expanded=\"false\">\n\t\t\t\t\t\t\t\t\t\t\t\t<span class=\"elementor-toggle-icon elementor-toggle-icon-left\" aria-hidden=\"true\">\n\t\t\t\t\t\t\t\t\t\t\t\t\t\t\t<span class=\"elementor-toggle-icon-closed\"><i class=\"fas fa-caret-right\"><\/i><\/span>\n\t\t\t\t\t\t\t\t<span class=\"elementor-toggle-icon-opened\"><i class=\"elementor-toggle-icon-opened fas fa-caret-up\"><\/i><\/span>\n\t\t\t\t\t\t\t\t\t\t\t\t\t<\/span>\n\t\t\t\t\t\t\t\t\t\t\t\t<a class=\"elementor-toggle-title\" tabindex=\"0\">18th Century<\/a>\n\t\t\t\t\t<\/div>\n\n\t\t\t\t\t<div id=\"elementor-tab-content-1196\" class=\"elementor-tab-content elementor-clearfix\" data-tab=\"6\" role=\"region\" aria-labelledby=\"elementor-tab-title-1196\"><p>1719-1724: new organ of the church, executed by the Spanish master organist Manuel Gomes Herrera.<\/p><p>1731 (November 9<sup>th<\/sup>): contract with Gaspar Ferreira for the construction of the Relics Chapel (or \u201cSanctuary\u201d). The work was expected to take three years.<\/p><p>Mid-18<sup>th<\/sup> Century: rebuilding of the church doorway.<\/p><p>1788: completion of the new altarpiece, with insertion of a canvas by Pascoal Parente.<\/p><p>1796: drawing by Jos\u00e9 Carlos Magne registering the monastic fa\u00e7ade.<span class=\"Apple-converted-space\">\u00a0<\/span><\/p><\/div>\n\t\t\t\t<\/div>\n\t\t\t\t\t\t\t<div class=\"elementor-toggle-item\">\n\t\t\t\t\t<div id=\"elementor-tab-title-1197\" class=\"elementor-tab-title\" data-tab=\"7\" role=\"button\" aria-controls=\"elementor-tab-content-1197\" aria-expanded=\"false\">\n\t\t\t\t\t\t\t\t\t\t\t\t<span class=\"elementor-toggle-icon elementor-toggle-icon-left\" aria-hidden=\"true\">\n\t\t\t\t\t\t\t\t\t\t\t\t\t\t\t<span class=\"elementor-toggle-icon-closed\"><i class=\"fas fa-caret-right\"><\/i><\/span>\n\t\t\t\t\t\t\t\t<span class=\"elementor-toggle-icon-opened\"><i class=\"elementor-toggle-icon-opened fas fa-caret-up\"><\/i><\/span>\n\t\t\t\t\t\t\t\t\t\t\t\t\t<\/span>\n\t\t\t\t\t\t\t\t\t\t\t\t<a class=\"elementor-toggle-title\" tabindex=\"0\">19th Century<\/a>\n\t\t\t\t\t<\/div>\n\n\t\t\t\t\t<div id=\"elementor-tab-content-1197\" class=\"elementor-tab-content elementor-clearfix\" data-tab=\"7\" role=\"region\" aria-labelledby=\"elementor-tab-title-1197\"><p>1834: extinction of Religious Orders<br \/><br \/>1839: the Wheel of the Exposed is installed in the building of the old infirmary of the monastery (now Jaime Cortes\u00e3o Secondary School).<br \/><br \/>1858: the Street of Coruche, now Visconde da Luz, was regularized in a Haussmann-type intervention.<br \/><br \/>1865 (July 6<sup>th<\/sup>): a Government ordinance cedes the refectory of the monastery for the headquarters of the Artists&#8217; Association.<\/p><p>1866: sculptures of the Last Supper were already mutilated when the statue of King Fernando II was inaugurated in the former monastic refectory.<span class=\"Apple-converted-space\">\u00a0<\/span><\/p><p>1876-79: construction of the City Hall building (design by Engineer Alexandre da Concei\u00e7\u00e3o) over the space of the former Porter\u2019s Cloister (which was demolished).<br \/><br \/>1885: Municipality acquires the old <i>Quinta de Santa Cruz<\/i> to open a new avenue (actual S\u00e1 da Bandeira Avenue).<\/p><\/div>\n\t\t\t\t<\/div>\n\t\t\t\t\t\t\t<div class=\"elementor-toggle-item\">\n\t\t\t\t\t<div id=\"elementor-tab-title-1198\" class=\"elementor-tab-title\" data-tab=\"8\" role=\"button\" aria-controls=\"elementor-tab-content-1198\" aria-expanded=\"false\">\n\t\t\t\t\t\t\t\t\t\t\t\t<span class=\"elementor-toggle-icon elementor-toggle-icon-left\" aria-hidden=\"true\">\n\t\t\t\t\t\t\t\t\t\t\t\t\t\t\t<span class=\"elementor-toggle-icon-closed\"><i class=\"fas fa-caret-right\"><\/i><\/span>\n\t\t\t\t\t\t\t\t<span class=\"elementor-toggle-icon-opened\"><i class=\"elementor-toggle-icon-opened fas fa-caret-up\"><\/i><\/span>\n\t\t\t\t\t\t\t\t\t\t\t\t\t<\/span>\n\t\t\t\t\t\t\t\t\t\t\t\t<a class=\"elementor-toggle-title\" tabindex=\"0\">20th Century<\/a>\n\t\t\t\t\t<\/div>\n\n\t\t\t\t\t<div id=\"elementor-tab-content-1198\" class=\"elementor-tab-content elementor-clearfix\" data-tab=\"8\" role=\"region\" aria-labelledby=\"elementor-tab-title-1198\"><p class=\"p1\"><span class=\"s1\">1907: Santa Cruz Monastery classified as a \u201cNational Monument\u201d.<\/span><\/p><p class=\"p2\"><span class=\"s1\">1917 (January 12<\/span><span class=\"s2\"><sup>th<\/sup><\/span><span class=\"s1\">): fire in the monastic premises belonging to the Avelar Brotero Industrial School, on the western section of the Manga Fountain.<\/span><\/p><p class=\"p1\"><span class=\"s1\">1922: inauguration of the Santa Cruz Caf\u00e9 (design by Architect Jaime In\u00e1cio dos Santos).<\/span><\/p><p class=\"p2\"><span class=\"s1\">1926 (January 2<\/span><span class=\"s2\"><sup>nd<\/sup><\/span><span class=\"s1\">): a fire completely destroys the Post Office building, to the east of the Manga fountain.<\/span><\/p><p class=\"p1\"><span class=\"s1\">1935 (January 3<\/span><span class=\"s3\"><sup>rd<\/sup><\/span><span class=\"s1\">): collapse of the bell tower.<\/span><\/p><p class=\"p1\"><span class=\"s4\">1935<\/span><span class=\"s1\">-40: rehabilitation intervention of the Manga Fountain and construction of the restaurant by DGEMN (National Monuments).<\/span><\/p><p class=\"p1\"><span class=\"s1\">1939: inauguration of the Coimbra Central Post Office building, to the <\/span><span class=\"s4\">east<\/span><span class=\"s1\"> of the Manga fountain. <\/span><span class=\"s4\">The building was begun five years before. <\/span><\/p><p class=\"p1\"><span class=\"s1\">1950-54: construction of the CGD Bank building, designed by Architect Veloso Reis Camelo.\u00a0<\/span><\/p><p class=\"p1\"><span class=\"s1\">1972: intervention in the chapel of the Martyrs of Morocco.<\/span><\/p><p class=\"p1\"><span class=\"s1\">1993-97: remodeling of Plaza 8<\/span><span class=\"s3\"><sup>th<\/sup><\/span><span class=\"s1\">\u00a0of May, designed by Architect Fernando T\u00e1vora.<\/span><\/p><\/div>\n\t\t\t\t<\/div>\n\t\t\t\t\t\t\t<div class=\"elementor-toggle-item\">\n\t\t\t\t\t<div id=\"elementor-tab-title-1199\" class=\"elementor-tab-title\" data-tab=\"9\" role=\"button\" aria-controls=\"elementor-tab-content-1199\" aria-expanded=\"false\">\n\t\t\t\t\t\t\t\t\t\t\t\t<span class=\"elementor-toggle-icon elementor-toggle-icon-left\" aria-hidden=\"true\">\n\t\t\t\t\t\t\t\t\t\t\t\t\t\t\t<span class=\"elementor-toggle-icon-closed\"><i class=\"fas fa-caret-right\"><\/i><\/span>\n\t\t\t\t\t\t\t\t<span class=\"elementor-toggle-icon-opened\"><i class=\"elementor-toggle-icon-opened fas fa-caret-up\"><\/i><\/span>\n\t\t\t\t\t\t\t\t\t\t\t\t\t<\/span>\n\t\t\t\t\t\t\t\t\t\t\t\t<a class=\"elementor-toggle-title\" tabindex=\"0\">21st Century<\/a>\n\t\t\t\t\t<\/div>\n\n\t\t\t\t\t<div id=\"elementor-tab-content-1199\" class=\"elementor-tab-content elementor-clearfix\" data-tab=\"9\" role=\"region\" aria-labelledby=\"elementor-tab-title-1199\"><p class=\"p1\"><span class=\"s1\">2000-2004: Construction of the new Municipal Market.<\/span><\/p><p class=\"p1\"><span class=\"s1\">2003: Church of Santa Cruz becomes a National Pantheon.<\/span><\/p><\/div>\n\t\t\t\t<\/div>\n\t\t\t\t\t\t\t\t<\/div>\n\t\t\t\t<\/div>\n\t\t\t\t<\/div>\n\t\t\t\t\t<\/div>\n\t\t<\/div>\n\t\t\t\t\t<\/div>\n\t\t<\/section>\n\t\t\t\t<section class=\"elementor-section elementor-top-section elementor-element elementor-element-b9c615e elementor-section-boxed elementor-section-height-default elementor-section-height-default\" data-id=\"b9c615e\" data-element_type=\"section\">\n\t\t\t\t\t\t<div class=\"elementor-container elementor-column-gap-default\">\n\t\t\t\t\t<div class=\"elementor-column elementor-col-100 elementor-top-column elementor-element elementor-element-c6ac737\" data-id=\"c6ac737\" data-element_type=\"column\">\n\t\t\t<div class=\"elementor-widget-wrap elementor-element-populated\">\n\t\t\t\t\t\t<div class=\"elementor-element elementor-element-bed48ea elementor-widget elementor-widget-text-editor\" data-id=\"bed48ea\" data-element_type=\"widget\" data-widget_type=\"text-editor.default\">\n\t\t\t\t<div class=\"elementor-widget-container\">\n\t\t\t\t\t\t\t<p><a href=\"https:\/\/santacruz.ces.uc.pt\/wp-content\/uploads\/2019\/09\/BIBLIOGRAFIA-Website.pdf\" target=\"_blank\" rel=\"noopener\">CONSULTAR BIBLIOGRAFIA<\/a><\/p>\t\t\t\t\t\t<\/div>\n\t\t\t\t<\/div>\n\t\t\t\t\t<\/div>\n\t\t<\/div>\n\t\t\t\t\t<\/div>\n\t\t<\/section>\n\t\t\t\t<\/div>\n\t\t","protected":false},"excerpt":{"rendered":"<p>The Monastery of Santa Cruz of Coimbra, national see of the Canons Regular of Saint Augustine, was one of the [&hellip;]<\/p>\n","protected":false},"author":1,"featured_media":0,"parent":0,"menu_order":0,"comment_status":"closed","ping_status":"closed","template":"page-templates\/template_fullwidth.php","meta":{"footnotes":""},"_links":{"self":[{"href":"https:\/\/santacruz.ces.uc.pt\/index.php?rest_route=\/wp\/v2\/pages\/704"}],"collection":[{"href":"https:\/\/santacruz.ces.uc.pt\/index.php?rest_route=\/wp\/v2\/pages"}],"about":[{"href":"https:\/\/santacruz.ces.uc.pt\/index.php?rest_route=\/wp\/v2\/types\/page"}],"author":[{"embeddable":true,"href":"https:\/\/santacruz.ces.uc.pt\/index.php?rest_route=\/wp\/v2\/users\/1"}],"replies":[{"embeddable":true,"href":"https:\/\/santacruz.ces.uc.pt\/index.php?rest_route=%2Fwp%2Fv2%2Fcomments&post=704"}],"version-history":[{"count":20,"href":"https:\/\/santacruz.ces.uc.pt\/index.php?rest_route=\/wp\/v2\/pages\/704\/revisions"}],"predecessor-version":[{"id":1609,"href":"https:\/\/santacruz.ces.uc.pt\/index.php?rest_route=\/wp\/v2\/pages\/704\/revisions\/1609"}],"wp:attachment":[{"href":"https:\/\/santacruz.ces.uc.pt\/index.php?rest_route=%2Fwp%2Fv2%2Fmedia&parent=704"}],"curies":[{"name":"wp","href":"https:\/\/api.w.org\/{rel}","templated":true}]}}