{"id":634,"date":"2019-09-16T10:49:02","date_gmt":"2019-09-16T10:49:02","guid":{"rendered":"https:\/\/santacruz.ces.uc.pt\/?page_id=634"},"modified":"2024-06-04T15:35:35","modified_gmt":"2024-06-04T15:35:35","slug":"publications","status":"publish","type":"page","link":"https:\/\/santacruz.ces.uc.pt\/?page_id=634&lang=en","title":{"rendered":"PUBLICATIONS"},"content":{"rendered":"\r\n<h4 class=\"wp-block-heading\">Monographs<\/h4>\r\n\r\n\r\n\r\n<p class=\"p1\"><span class=\"s1\"><b>Jo\u00e3o Mendes Ribeiro, Rui Lobo <\/b>(Coord.), <em>Projetos para o Mosteiro de Santa Cruz de Coimbra e \u00c1rea Envolvente<\/em>, Coimbra, Edarq, 2022 (ISBN 978-989-53257-5-7, Dep\u00f3sito Legal 498461\/22).<\/span><\/p>\r\n<p class=\"p1\"><span class=\"s1\"><b>Rui Lobo<\/b>, <em>The Colleges of Jesus and Arts of Coimbra (1542-1759)<\/em>, Coimbra, Edarq, 2021 (ISBN 978-989-54686-7-6, Dep\u00f3sito Legal 477825\/20). <a href=\"https:\/\/santacruz.ces.uc.pt\/wp-content\/uploads\/2024\/05\/Livro-Rui-Lobo-The-Colleges-of-Jesus-and-Arts-introducao.pdf\"><span class=\"s2\">LINK<\/span><\/a> | <a href=\"https:\/\/www.academia.edu\/49310812\/The_Colleges_of_Jesus_and_Arts_of_Coimbra_1542_1759_\">LINK<\/a><\/span><\/p>\r\n<p><strong>Rui Lobo, Mauro Costa Couceiro<\/strong> (Eds.), <em>Caminhos Futuros do Patrim\u00f3nio Desaparecido. Col\u00f3quio Internacional sobre reconstitui\u00e7\u00f5es 3D de patrim\u00f3nio desaparecido, <\/em>Coimbra, Centro de Estudos Sociais, 2019 (ISBN 978-989-8847-09-6, Dep\u00f3sito Legal 454400\/19). <a href=\"https:\/\/estudogeral.sib.uc.pt\/handle\/10316\/86304\" target=\"_blank\" rel=\"noreferrer noopener\" aria-label=\"LINK (abre num novo separador)\">LINK<\/a><\/p>\r\n<hr class=\"wp-block-separator\" \/>\r\n<h4 class=\"p1\"><span class=\"s1\">Journal Special Number<\/span><\/h4>\r\n<p class=\"p2\"><span class=\"s2\"><em>digitAR \u2013 Revista Digital de Arqueologia, Arquitetura e Artes<\/em>, #7 \u2013 Jo\u00e3o de Ru\u00e3o. Arquitecto e Escultor do Renascimento Europeu, Dezembro de 2020. <a href=\"https:\/\/impactum-journals.uc.pt\/digitar\/issue\/view\/497\/192\">LINK<\/a><\/span><\/p>\r\n\r\n\r\n<hr class=\"wp-block-separator\" \/>\r\n\r\n\r\n<h4 class=\"wp-block-heading\">Articles and Book Chapters<\/h4>\r\n\r\n\r\n\r\n<p class=\"p1\"><span class=\"s1\"><b>Rui Lobo, Mauro Costa Couceiro<\/b>, \u201cMixing Realities to awaken the future: visiting the Monastery of Santa Cruz of Coimbra in 1834\u201d, <\/span><span class=\"s2\">in Maciej Stasiowski (ed.), Artifacts: Material &amp; Digital \u2013 Studies in (in)Tangible Heritage, Bristol, Intellect Books, in press.<\/span><\/p>\r\n<p class=\"p1\"><span class=\"s1\"><b>Mauro Costa Couceiro<\/b>, \u201cBionic Architecture and the Cyborg Culture \u2013 Human\u00b4s Phenotypic and Cognitive Extensions\u201d<\/span><span class=\"s2\">, in Experimenting Bionics \u2013 Seminars of Architecture Inspired by Nature<\/span><span class=\"s1\">, editado por Maria Rosa Cervera e Elena Codina Dusolu. Londres, in press.<\/span><\/p>\r\n<p class=\"p1\"><span class=\"s1\"><b>Margarida Relv\u00e3o Calmeiro<\/b>, \u201cFrom boundary to new centrality. The transformation of the Santa Cruz Monastery to accommodate the new facilities of the liberal state during the nineteenth century\u201d, <\/span><span class=\"s2\">in<\/span> <span class=\"s2\">Historical Social Research 47 (2): 233-254.<\/span> <a href=\"https:\/\/santacruz.ces.uc.pt\/wp-content\/uploads\/2024\/06\/Margarida-Calmeiro-HSR_47_2022_2_From-Boundary-to-New-Centrality.pdf\" target=\"_blank\" rel=\"noopener\"><span class=\"s2\">LINK<\/span><\/a><\/p>\r\n<p class=\"p1\"><span class=\"s1\"><b>Rui Lobo<\/b>, \u201cO Mosteiro de Santa Cruz de Coimbra: uma hist\u00f3ria arquitet\u00f3nica\u201d, in Jo\u00e3o Mendes Ribeiro, Rui Lobo (Coord.), Projetos para o Mosteiro de Santa Cruz de Coimbra e \u00c1rea Envolvente, Coimbra, Edarq, 2022, 13-21. <a href=\"https:\/\/santacruz.ces.uc.pt\/wp-content\/uploads\/2024\/06\/Rui-Lobo-O-Mosteiro-de-Santa-Cruz-de-Coimbra-uma-historia-arquitetonica.pdf\" target=\"_blank\" rel=\"noopener\"><span class=\"s3\">LINK<\/span><\/a><\/span><\/p>\r\n<p class=\"p1\"><span class=\"s1\"><b>Maria de Lurdes Craveiro<\/b>, \u201cMosteiro de Santa Cruz: patrim\u00f3nio e musealiza\u00e7\u00e3o do espa\u00e7o\u201d, in Jo\u00e3o Mendes Ribeiro, Rui Lobo (Coord.), Projetos para o Mosteiro de Santa Cruz de Coimbra e \u00c1rea Envolvente, Coimbra, Edarq, 2022, 23-28. <a href=\"https:\/\/santacruz.ces.uc.pt\/wp-content\/uploads\/2024\/06\/Maria-de-Lurdes-Craveiro-MSC-patrimonio-e-musealizacao.pdf\" target=\"_blank\" rel=\"noopener\"><span class=\"s3\">LINK<\/span><\/a><\/span><\/p>\r\n<p class=\"p1\"><span class=\"s1\"><b>Margarida Relv\u00e3o Calmeiro<\/b>, \u201cDa clausura \u00e0 centralidade: o processo de moderniza\u00e7\u00e3o de Coimbra a partir do antigo Mosteiro de Santa Cruz\u201d, in Jo\u00e3o Mendes Ribeiro, Rui Lobo (Coord.), Projetos para o Mosteiro de Santa Cruz de Coimbra e \u00c1rea Envolvente, Coimbra, Edarq, 2022, 29-33. <a href=\"https:\/\/santacruz.ces.uc.pt\/wp-content\/uploads\/2024\/06\/MR-Calmeiro-da-clausura-a-centralidade.pdf\" target=\"_blank\" rel=\"noopener\"><span class=\"s3\">LINK<\/span><\/a><\/span><\/p>\r\n<p class=\"p1\"><span class=\"s1\"><b>Jo\u00e3o Mendes Ribeiro<\/b>,<b> <\/b>\u201cTermas romanas de S. Pedro do Sul: ligar fragmentos\u201d, in Jo\u00e3o Mendes Ribeiro, Rui Lobo (Coord.), Projetos para o Mosteiro de Santa Cruz de Coimbra e \u00c1rea Envolvente, Coimbra, Edarq, 2022, 51-54. <a href=\"https:\/\/santacruz.ces.uc.pt\/wp-content\/uploads\/2024\/06\/JMR-Termas-S.-Pedro-do-Sul.pdf\" target=\"_blank\" rel=\"noopener\"><span class=\"s3\">LINK<\/span><\/a><\/span><\/p>\r\n<p class=\"p1\"><span class=\"s1\"><b>Jo\u00e3o Mendes Ribeiro<\/b>,<b> <\/b>\u201cProjeto de valoriza\u00e7\u00e3o, reabilita\u00e7\u00e3o e conserva\u00e7\u00e3o do Mosteiro de Santa Cruz e \u00e1rea envolvente\u201d, in Jo\u00e3o Mendes Ribeiro, Rui Lobo (Coord.), Projetos para o Mosteiro de Santa Cruz de Coimbra e \u00c1rea Envolvente, Coimbra, Edarq, 2022, 65-71. <span class=\"s3\">LINK<\/span><\/span><\/p>\r\n<p class=\"p1\"><span class=\"s1\"><b>Mauro Costa Couceiro,<\/b><\/span> <span class=\"s1\">\u201cRealidades Extendidas (XR). Evoluci\u00f3n Cognitiva y Analog\u00edas Biol\u00f3gicas en la Comunicaci\u00f3n Cient\u00edfica\u201d, in Cuadernos del Centro de Estudio en Dise\u00f1o y Comunicaci\u00f3n (Buenos Aires, Universidad de Palermo), ano 24, n\u00ba149, 2021\/2022, 75-90. <a href=\"https:\/\/santacruz.ces.uc.pt\/wp-content\/uploads\/2024\/06\/Mauro-Costa-2021-Cuaderno149.pdf\" target=\"_blank\" rel=\"noopener\"><span class=\"s3\">LINK<\/span><\/a><\/span><\/p>\r\n<p class=\"p1\"><span class=\"s1\"><b>Maria de Lurdes Craveiro<\/b>, \u201cJean de Rouen architect. The dome as reason and science in devotional construction\u201d, in digitAR \u2013 Revista Digital de Arqueologia, Arquitetura e Artes, #7 \u2013 Jo\u00e3o de Ru\u00e3o. Arquitecto e Escultor do Renascimento Europeu, Dezembro de 2020, 69-83. <a href=\"https:\/\/impactum-journals.uc.pt\/digitar\/article\/view\/9504\/7093\"><span class=\"s5\">LINK<\/span><\/a><\/span><\/p>\r\n<p class=\"p1\"><span class=\"s1\"><b>Rui Lobo<\/b>, \u201cFrom sculpture to architecture: Jean de Rouen at the Monastery of Santa Cruz of Coimbra (c\u00aa1528-1535)\u201d, in digitAR \u2013 Revista Digital de Arqueologia, Arquitetura e Artes, #7 \u2013 Jo\u00e3o de Ru\u00e3o. Arquitecto e Escultor do Renascimento Europeu, Dezembro de 2020, 84-107. <a href=\"https:\/\/impactum-journals.uc.pt\/digitar\/article\/view\/9505\/7094\"><span class=\"s5\">LINK<\/span><\/a><\/span><\/p>\r\n<p><b>Mauro Costa Couceiro, Rui Lobo,<\/b> \u201cFusion of VR and AR Strategies for Immersion in Lost Historical-Architectural Heritage\u201d, in L. Agust\u00edn-Hern\u00e1ndez, A. Vallesp\u00edn Muniesa, A. Fern\u00e1ndez-Morales (Editors), <i>Graphical Heritage (Volume 1 &#8211; History and Heritage)<\/i>, Cham (Switzerland), Springer, 2020, 289-300. <a href=\"https:\/\/santacruz.ces.uc.pt\/wp-content\/uploads\/2024\/06\/Mauro-Costa-Rui-Lobo-Fusion-of-VR-and-AR-abstract.pdf\" target=\"_blank\" rel=\"noopener\">LINK<\/a><\/p>\r\n<p class=\"p1\"><span class=\"s1\"><b>Mauro Costa Couceiro, Rui Lobo, Ant\u00f3nio Monteiro<\/b>, \u201cFusi\u00f3n de estrategias RV y RA para la inmersi\u00f3n en patrim\u00f3nios hist\u00f3rico-arquitect\u00f3nicos desaparecidos\u201d, in Luis Agust\u00edn-Hern\u00e1ndez, Noelia Cervero S\u00e1nchez, Miguel Sancho Mir (Eds.), El Patrimonio Gr\u00e1fico. La Gr\u00e1fica del Patrimonio. XVIII Congreso Internacional de Expresi\u00f3n Gr\u00e1fica Arquitect\u00f3nica, Sarago\u00e7a, Universidad de Zaragoza, 2020, 143-146. <a href=\"https:\/\/santacruz.ces.uc.pt\/wp-content\/uploads\/2024\/06\/MCC-RL-AM-Atas-EGA-Fusion-de-Estrategias-RV-y-RA2.pdf\" target=\"_blank\" rel=\"noopener\"><span class=\"s2\">LINK<\/span><\/a><\/span><\/p>\r\n<p class=\"p1\"><span class=\"s1\"><b>Mauro Costa Couceiro<\/b>, Brimet Fernandes da Silva, \u201cMixing Realities do Envision Learning (R)Evolutions\u201d, in Alberto T. Est\u00e9vez (ed.), 4th International Conference of Biodigital Architecture &amp; Genetics, Barcelona, iBAG-UIC, 2020, 331-339. <a href=\"https:\/\/www.academia.edu\/45569669\/Fusi%C3%B3n_de_estrategias_RV_y_RA_para_la_inmersi%C3%B3n_en_patrimonios_hist%C3%B3rico_arquitect%C3%B3nicos_desaparecidos_with_Mauro_Costa_Couceiro_and_Ant%C3%B3nio_Monteiro_\" target=\"_blank\" rel=\"noopener\">LINK<\/a><\/span><\/p>\r\n<p><strong>Rui Lobo<\/strong>, &#8220;As ab\u00f3badas de caixot\u00f5es na arquitetura portuguesa e o contributo de Jo\u00e3o de Ru\u00e3o&#8221;, in <em>digitAR <\/em><span class=\"s1\">\u2013<\/span> <span class=\"s1\">Revista Digital de Arqueologia, Arquitetura e Artes, Extra N\u00famero #2 \u2013 Jo\u00e3o de Ru\u00e3o. A Europa (quase) toda em Coimbra, Mar\u00e7o de 2020, <\/span><span class=\"s2\">171-192<\/span>. <a href=\"https:\/\/santacruz.ces.uc.pt\/wp-content\/uploads\/2020\/04\/Jo\u00e3o-de-Ru\u00e3o-digitAR-2020-2-RL-completo-compactado.pdf\">LINK<\/a><\/p>\r\n<p><strong data-rich-text-format-boundary=\"true\">Rui Lobo, V\u00edtor Murtinho, Nuno Maia da Silva,<\/strong> &#8220;O Claustro Principal do Convento de Cristo em Tomar. A obra maior de Diogo de Torralva&#8221;, <em>Monumentos\u00a0<\/em>n\u00ba37, Novembro de 2019, Lisboa, DGPC, 120-137. <a href=\"https:\/\/www.academia.edu\/41953714\/O_Claustro_Principal_do_Convento_de_Cristo_em_Tomar_A_obra_maior_de_Diogo_de_Torralva_2019_With_V%C3%ADtor_Murtinho_and_Nuno_Maia_da_Silva_\" target=\"_blank\" rel=\"noopener\">LINK<\/a><\/p>\r\n<p><strong>Mauro Costa Couceiro, Rui Lobo, Ant\u00f3nio Monteiro<\/strong>, \u201cInsertion and encircling: two complementary immersive strategies for Mixed-Reality applied to cultural heritage\u201d, in Jos\u00e9 Pedro Sousa, Gon\u00e7alo Castro Henriques, Jo\u00e3o Pedro Xavier (Eds.), <em>Architecture in the Age of the 4<\/em><em><sup>th<\/sup><\/em><em> Industrial Revolution, The ECAADE-SIGRADI 2019 Conference<\/em>, Brussels-Rio de Janeiro-Porto, 2019, Vol.III, 91-98. <a href=\"https:\/\/mega.nz\/#!ijQAkI5R!R_1CzDirbtzTyBJ8PUNijwo3kxIW4b3de-1psFxn1kw\" target=\"_blank\" rel=\"noopener noreferrer\">LINK<\/a><\/p>\r\n<p class=\"p1\"><span class=\"s1\"><b>Mauro Costa Couceiro, Rui Lobo, Ant\u00f3nio Monteiro<\/b>, \u201cWorkshop 5: A space and time travel based in AR+VR technologies: a renaissance fountain and a baroque bell-tower from Coimbra to FAUP, in Jos\u00e9 Pedro Sousa, Gon\u00e7alo Castro Henriques, Jo\u00e3o Pedro Xavier (Eds.),\u00a0Architecture in the Age of the 4<\/span><span class=\"s2\"><sup>th<\/sup><\/span><span class=\"s1\">\u00a0Industrial Revolution, The ECAADE-SIGRADI 2019 Conference, Brussels-Rio de Janeiro-Porto, 2019, Vol.III, 359.\u00a0<a href=\"https:\/\/santacruz.ces.uc.pt\/wp-content\/uploads\/2024\/06\/Workshop-FAUP-eCAADe-SIGraDi.pdf\" target=\"_blank\" rel=\"noopener\"><span class=\"s3\">LINK<\/span><\/a><\/span><\/p>\r\n<p>\r\n\r\n<\/p>\r\n<p><strong>Mauro Costa Couceiro, Rui Lobo, Ant\u00f3nio Monteiro<\/strong>, \u201cMixed Reality and Lost Heritage: Reconstituting the Monastery of Santa Cruz of Coimbra through VR-AR Convergence\u201d, Nicolai Steino, Martin Kraus (eds.), <em>7th ECAADE Regional International Symposium: Virtually Real,<\/em> Aalborg University, 2019, 37-45. <a href=\"https:\/\/santacruz.ces.uc.pt\/wp-content\/uploads\/2024\/06\/Mixed-Reality-and-Lost-Heritage-eCAADe_RIS2019_proceedings_compressed.pdf\" target=\"_blank\" rel=\"noreferrer noopener\">LINK<\/a><\/p>\r\n<p><b>Mauro Costa Couceiro, Rui Lobo, Ant\u00f3nio Monteiro<\/b>, <i>Dinner at the Table VR\/AR Convergence Applied to the \u2018Last Supper\u2019, <\/i>N. Steino, M. Kraus (eds.), <i>Virtually Real, ECAADE 7th Regional International Symposium<\/i>, Aalborg, Aalborg University Press, 2019, xxxiv-xxxvii. <a href=\"https:\/\/santacruz.ces.uc.pt\/wp-content\/uploads\/2024\/06\/Workshop-Aalborg-final.pdf\" target=\"_blank\" rel=\"noopener\">LINK<\/a><\/p>\r\n<p>\r\n\r\n<\/p>\r\n<p><strong>Mauro Costa Couceiro<\/strong>, s\/t\u00edtulo, <em>Coimbra em Imagens, Coimbra, <\/em>Aquarela Brasileira Livros, 56-61. <a href=\"https:\/\/mega.nz\/#!bjgizKTK!nQM2FXd7zbZnHOH6b2Zc-rEKKx_8fkPGLS2ObwftwqQ\" target=\"_blank\" rel=\"noopener noreferrer\">LINK<\/a><\/p>\r\n\r\n\r\n<hr class=\"wp-block-separator\" \/>\r\n\r\n\r\n<h4 class=\"wp-block-heading\">Theses<\/h4>\r\n\r\n\r\n\r\n<p><span style=\"text-decoration: underline;\">Master&#8217;s theses carried out under the Santa Cruz Project FCT 30704:<\/span><\/p>\r\n<p class=\"p1\"><span class=\"s1\"><b>Nad\u00e8ge Barros<\/b>, <em>(Re)uso do Patrim\u00f3nio Hist\u00f3rico. Valoriza\u00e7\u00e3o, Reabilita\u00e7\u00e3o e Conserva\u00e7\u00e3o do Mosteiro de Santa Cruz e \u00e1rea urbana envolvente<\/em>, Tese de Mestrado, DARQ-FCTUC, 2024 (supervised by Professores Jo\u00e3o Mendes Ribeiro, Rui Lobo).\u00a0<\/span><\/p>\r\n<p class=\"p1\"><span class=\"s1\"><b>Miguel G\u00f3is<\/b>, <em>Identidade e Atmosferas. Projeto do Museu do Mosteiro de Santa Cruz<\/em>, Tese de Mestrado, DARQ-FCTUC, 2023 (supervised by Professores Jo\u00e3o Mendes Ribeiro, Rui Lobo). <a href=\"https:\/\/estudogeral.uc.pt\/handle\/10316\/110269\" target=\"_blank\" rel=\"noopener\">LINK<\/a><\/span><\/p>\r\n<p class=\"p1\"><span class=\"s1\"><b>Tatiana Carvalho<\/b>, <em>Interven\u00e7\u00f5es M\u00ednimas em Edif\u00edcios Hist\u00f3ricos: Regulamenta\u00e7\u00e3o e Patrim\u00f3nio. Projeto de Valoriza\u00e7\u00e3o e Reabilita\u00e7\u00e3o do Mosteiro de Santa Cruz e \u00c1rea Envolvente<\/em>, Tese de Mestrado, DARQ-FCTUC, 2023 (supervised by Professores Jo\u00e3o Mendes Ribeiro, Rui Lobo). <a href=\"https:\/\/estudogeral.uc.pt\/handle\/10316\/105996\" target=\"_blank\" rel=\"noopener\">LINK<\/a><\/span><\/p>\r\n<p class=\"p1\"><span class=\"s1\"><b>F\u00e1bio Almeida<\/b>, <em>A Torre-Museu de Santa Cruz. Projeto de Reabilita\u00e7\u00e3o e Valoriza\u00e7\u00e3o do Mosteiro de Santa Cruz de Coimbra e \u00c1rea Urbana Envolvente<\/em>, Tese de Mestrado, DARQ-FCTUC, 2023 (supervised by Professores Jo\u00e3o Mendes Ribeiro, Rui Lobo). <a href=\"https:\/\/estudogeral.uc.pt\/handle\/10316\/106055\" target=\"_blank\" rel=\"noopener\">LINK<\/a><\/span><\/p>\r\n<p class=\"p1\"><span class=\"s1\"><b>Carolina Magalh\u00e3es<\/b>, <em>Identidade, Intemporalidade e Efemeridade. Projeto de Reabilita\u00e7\u00e3o e Revitaliza\u00e7\u00e3o do Mosteiro de Santa Cruz e \u00e1rea envolvente<\/em>, Tese de Mestrado, DARQ-FCTUC, 2023 (supervised by Professores Jo\u00e3o Mendes Ribeiro, Rui Lobo). <a href=\"https:\/\/estudogeral.uc.pt\/handle\/10316\/105963\" target=\"_blank\" rel=\"noopener\">LINK<\/a><\/span><\/p>\r\n<p class=\"p1\"><span class=\"s1\"><b>Duarte Sobral Fontainha<\/b>, <em>Reinterpretar e reabilitar. Centro educativo e cultural de Santa Cruz<\/em>, Tese de Mestrado, DARQ-FCTUC, 2022 (supervised by Profs. Jo\u00e3o Mendes Ribeiro, Rui Lobo). <a href=\"https:\/\/estudogeral.uc.pt\/handle\/10316\/104682\" target=\"_blank\" rel=\"noopener\"><span class=\"s2\">LINK<\/span><\/a><\/span><\/p>\r\n<p class=\"p1\"><span class=\"s1\"><b>In\u00eas Correia<\/b>, <em>Reinterpreta\u00e7\u00e3o do claustro da Manga &#8211; Projeto de valoriza\u00e7\u00e3o, reconstitui\u00e7\u00e3o e reabilita\u00e7\u00e3o do Mosteiro de Santa Cruz e \u00e1rea urbana envolvente<\/em>, Tese de Mestrado, DARQ-FCTUC, 2022 (supervised by Profs. Jo\u00e3o Mendes Ribeiro, Rui Lobo). <a href=\"https:\/\/estudogeral.uc.pt\/handle\/10316\/101835\" target=\"_blank\" rel=\"noopener\"><span class=\"s2\">LINK<\/span><\/a><\/span><\/p>\r\n<p class=\"p1\"><span class=\"s1\"><b>Gabriela Rebelo<\/b>, <em>[Re]interpretar e [re]habilitar o Mosteiro de Santa Cruz<\/em>, Tese de Mestrado, DARQ-FCTUC, 2022 (supervised by Profs. Jo\u00e3o Mendes Ribeiro, Rui Lobo). <a href=\"https:\/\/estudogeral.uc.pt\/handle\/10316\/101836\" target=\"_blank\" rel=\"noopener\"><span class=\"s2\">LINK<\/span><\/a><\/span><\/p>\r\n<p class=\"p1\"><span class=\"s1\"><b>J\u00falia Vidotti Scabine<\/b>, <em>Mem\u00f3ria e Continuidade. Projeto de Reabilita\u00e7\u00e3o e Valoriza\u00e7\u00e3o do Mosteiro de Santa Cruz de Coimbra,<\/em> Tese de Mestrado, DARQ-FCTUC, 2021 (supervised by Profs. Jo\u00e3o Mendes Ribeiro, Rui Lobo). <a href=\"https:\/\/estudogeral.uc.pt\/handle\/10316\/99386\"><span class=\"s4\">LINK<\/span><\/a><\/span><\/p>\r\n<p class=\"p1\"><span class=\"s1\"><b>Rafael Rebimbas<\/b>, <em>Ressignificar o lugar. Projeto de reabilita\u00e7\u00e3o e valoriza\u00e7\u00e3o do mosteiro de Santa Cruz de Coimbra e \u00e1rea urbana envolvente<\/em>, Tese de Mestrado, DARQ-FCTUC, 2021 (supervised by Profs. Jo\u00e3o Mendes Ribeiro, Rui Lobo). <a href=\"https:\/\/estudogeral.sib.uc.pt\/handle\/10316\/99384\"><span class=\"s4\">LINK<\/span><\/a><\/span><\/p>\r\n<p class=\"p1\"><span class=\"s1\"><b>Sofia Eghteda,<\/b> <em>(Re)Pensar o antigo claustro da Manga. Projeto de Valoriza\u00e7\u00e3o e Reabilita\u00e7\u00e3o do Mosteiro de Santa Cruz e \u00c1rea Envolvente<\/em>, Tese de Mestrado, DARQ-FCTUC, 2021 (supervised by Profs. Jo\u00e3o Mendes Ribeiro, Rui Lobo). <a href=\"https:\/\/estudogeral.uc.pt\/handle\/10316\/99413\"><span class=\"s4\">LINK<\/span><\/a><\/span><\/p>\r\n<p class=\"p1\"><span class=\"s1\"><b>Daniel Rocha Taipina<\/b>, <em>Re-imagining stereoscopic photography in the age<\/em><\/span> <span class=\"s1\"><em>of Virtual Reality<\/em>, Tese de Mestrado, DEI-FCTUC, 2021 (supervised by Prof. Jorge Cardoso). <a href=\"https:\/\/estudogeral.uc.pt\/handle\/10316\/96037\"><span class=\"s4\">LINK<\/span><\/a><\/span><\/p>\r\n<p><b>Miguel Pedrosa Alberto<\/b>, <i>Ferramentas Digitais Contempor\u00e2neas na Investiga\u00e7\u00e3o em Hist\u00f3ria da Arquitetura: Reconstitui\u00e7\u00e3o Digital do Desaparecido Claustro da Manga e do Projeto N\u00e3o Realizado de \u00c1lvaro Siza para um Motel em Coimbra, <\/i>Tese de Mestrado, DARQ-FCTUC, 2020 (supervised by Profs. Rui Lobo, Mauro Costa Couceiro). <a href=\"https:\/\/estudogeral.sib.uc.pt\/handle\/10316\/92177\">LINK<\/a><\/p>\r\n<p><b>Jorge Miguel Ribeiro Ferreira<\/b>, <i>Intera\u00e7\u00e3o em Realidade Virtual atrav\u00e9s de Tang\u00edveis Passivos, <\/i>Tese de Mestrado, DEI-FCTUC, 2020 (supervised by Prof. Jorge Cardoso). <a href=\"https:\/\/estudogeral.uc.pt\/handle\/10316\/92494\">LINK<\/a><\/p>\r\n<p class=\"p1\">Another master theses is currently being concluded, by student Rita Sousa, under the supervision of Professors Jo\u00e3o Mendes Ribeiro and Rui Lobo.<\/p>\r\n<p><span style=\"text-decoration: underline;\">Master&#8217;s theses done before 2018, supervised by the main researchers of the project, which served as a reference for the application of the Santa Cruz Project:<\/span><\/p>\r\n<p><b>Jo\u00e3o Ra\u00ednho Fernandes<\/b>, <i>Uso da realidade virtual na leitura da hist\u00f3ria: recria\u00e7\u00e3o do Col\u00e9gio das Artes na Alta de Coimbra na sua situa\u00e7\u00e3o pr\u00e9-Reforma Pombalina (1759-1772),<\/i> Master Thesis, DARQ-FCTUC, 2017 (supervised by Profs. Rui Lobo and Mauro Costa Couceiro). <a href=\"https:\/\/estudogeral.sib.uc.pt\/handle\/10316\/81493\">LINK<\/a><\/p>\r\n\r\n\r\n\r\n<p><strong>Fernando Couto<\/strong>, <em>Mosteiro de Santa Cruz de Coimbra: an\u00e1lise e reconstitui\u00e7\u00e3o,\u00a0<\/em>Master Thesis, DARQ-FCTUC, 2015 (supervised by Prof. Rui Lobo). <a href=\"https:\/\/estudogeral.sib.uc.pt\/handle\/10316\/27231\" target=\"_blank\" rel=\"noreferrer noopener\" aria-label=\"LINK (abre num novo separador)\">LINK<\/a><\/p>\r\n\r\n\r\n\r\n<p><strong>In\u00eas Parreira<\/strong>, <em>O Vale de Santa Cruz de Coimbra: an\u00e1lise e reconstitui\u00e7\u00e3o,\u00a0<\/em>Master Thesis, DARQ-FCTUC, 2015 (supervised by Prof. Rui Lobo). <a href=\"https:\/\/estudogeral.uc.pt\/handle\/10316\/30110\" target=\"_blank\" rel=\"noreferrer noopener\" aria-label=\"LINK (abre num novo separador)\">LINK<\/a><\/p>\r\n","protected":false},"excerpt":{"rendered":"<p>Monographs Jo\u00e3o Mendes Ribeiro, Rui Lobo (Coord.), Projetos para o Mosteiro de Santa Cruz de Coimbra e \u00c1rea Envolvente, Coimbra, [&hellip;]<\/p>\n","protected":false},"author":1,"featured_media":0,"parent":0,"menu_order":0,"comment_status":"closed","ping_status":"closed","template":"page-templates\/template_fullwidth.php","meta":{"footnotes":""},"_links":{"self":[{"href":"https:\/\/santacruz.ces.uc.pt\/index.php?rest_route=\/wp\/v2\/pages\/634"}],"collection":[{"href":"https:\/\/santacruz.ces.uc.pt\/index.php?rest_route=\/wp\/v2\/pages"}],"about":[{"href":"https:\/\/santacruz.ces.uc.pt\/index.php?rest_route=\/wp\/v2\/types\/page"}],"author":[{"embeddable":true,"href":"https:\/\/santacruz.ces.uc.pt\/index.php?rest_route=\/wp\/v2\/users\/1"}],"replies":[{"embeddable":true,"href":"https:\/\/santacruz.ces.uc.pt\/index.php?rest_route=%2Fwp%2Fv2%2Fcomments&post=634"}],"version-history":[{"count":18,"href":"https:\/\/santacruz.ces.uc.pt\/index.php?rest_route=\/wp\/v2\/pages\/634\/revisions"}],"predecessor-version":[{"id":1690,"href":"https:\/\/santacruz.ces.uc.pt\/index.php?rest_route=\/wp\/v2\/pages\/634\/revisions\/1690"}],"wp:attachment":[{"href":"https:\/\/santacruz.ces.uc.pt\/index.php?rest_route=%2Fwp%2Fv2%2Fmedia&parent=634"}],"curies":[{"name":"wp","href":"https:\/\/api.w.org\/{rel}","templated":true}]}}